{"version":"1.0","provider_name":"","provider_url":"https:\/\/particuliers.citemomes.fr","author_name":"admin","author_url":"https:\/\/particuliers.citemomes.fr\/index.php\/author\/admin\/","title":"ATELIERS : VACANCES DANS LES \u00ceLES ! -","type":"rich","width":600,"height":338,"html":"<blockquote class=\"wp-embedded-content\" data-secret=\"iJAZYN0Dnd\"><a href=\"https:\/\/particuliers.citemomes.fr\/index.php\/2021\/07\/01\/ateliers-vacances-dans-les-iles\/\">ATELIERS : VACANCES DANS LES \u00ceLES !<\/a><\/blockquote><iframe sandbox=\"allow-scripts\" security=\"restricted\" src=\"https:\/\/particuliers.citemomes.fr\/index.php\/2021\/07\/01\/ateliers-vacances-dans-les-iles\/embed\/#?secret=iJAZYN0Dnd\" width=\"600\" height=\"338\" title=\"\u00ab\u00a0ATELIERS : VACANCES DANS LES \u00ceLES !\u00a0\u00bb &#8212; \" data-secret=\"iJAZYN0Dnd\" frameborder=\"0\" marginwidth=\"0\" marginheight=\"0\" scrolling=\"no\" class=\"wp-embedded-content\"><\/iframe><script type=\"text\/javascript\">\n\/*! This file is auto-generated *\/\n!function(c,d){\"use strict\";var e=!1,o=!1;if(d.querySelector)if(c.addEventListener)e=!0;if(c.wp=c.wp||{},c.wp.receiveEmbedMessage);else if(c.wp.receiveEmbedMessage=function(e){var t=e.data;if(!t);else if(!(t.secret||t.message||t.value));else if(\/[^a-zA-Z0-9]\/.test(t.secret));else{for(var r,s,a,i=d.querySelectorAll('iframe[data-secret=\"'+t.secret+'\"]'),n=d.querySelectorAll('blockquote[data-secret=\"'+t.secret+'\"]'),o=new RegExp(\"^https?:$\",\"i\"),l=0;l<n.length;l++)n[l].style.display=\"none\";for(l=0;l<i.length;l++)if(r=i[l],e.source!==r.contentWindow);else{if(r.removeAttribute(\"style\"),\"height\"===t.message){if(1e3<(s=parseInt(t.value,10)))s=1e3;else if(~~s<200)s=200;r.height=s}if(\"link\"===t.message)if(s=d.createElement(\"a\"),a=d.createElement(\"a\"),s.href=r.getAttribute(\"src\"),a.href=t.value,!o.test(a.protocol));else if(a.host===s.host)if(d.activeElement===r)c.top.location.href=t.value}}},e)c.addEventListener(\"message\",c.wp.receiveEmbedMessage,!1),d.addEventListener(\"DOMContentLoaded\",t,!1),c.addEventListener(\"load\",t,!1);function t(){if(o);else{o=!0;for(var e,t,r,s=-1!==navigator.appVersion.indexOf(\"MSIE 10\"),a=!!navigator.userAgent.match(\/Trident.*rv:11\\.\/),i=d.querySelectorAll(\"iframe.wp-embedded-content\"),n=0;n<i.length;n++){if(!(r=(t=i[n]).getAttribute(\"data-secret\")))r=Math.random().toString(36).substr(2,10),t.src+=\"#?secret=\"+r,t.setAttribute(\"data-secret\",r);if(s||a)(e=t.cloneNode(!0)).removeAttribute(\"security\"),t.parentNode.replaceChild(e,t);t.contentWindow.postMessage({message:\"ready\",secret:r},\"*\")}}}}(window,document);\n<\/script>\n","description":"? Ils sont de retour : les p&#8217;tits ateliers des vacances chez Cit\u00e9m\u00f4mes (\u00e0 partir de 4 ans) ! ? Du mercredi 7 au mardi 13 juillet prochains, les portes de notre local ouvriront de nouveau pour vous proposer des ateliers d\u2019arts plastiques \u00e0 la carte sur le th\u00e8me des \u00eeles et avec un invit\u00e9&hellip; Lire la suite","thumbnail_url":"https:\/\/static.xx.fbcdn.net\/images\/emoji.php\/v9\/t3d\/2\/16\/1f4d6.png"}