{"id":6492,"date":"2023-09-29T13:59:09","date_gmt":"2023-09-29T11:59:09","guid":{"rendered":"https:\/\/particuliers.citemomes.fr\/?page_id=6492"},"modified":"2025-03-26T12:05:13","modified_gmt":"2025-03-26T11:05:13","slug":"les-ateliers-des-vacances","status":"publish","type":"page","link":"https:\/\/particuliers.citemomes.fr\/index.php\/les-ateliers-des-vacances\/","title":{"rendered":"Les vacances"},"content":{"rendered":"\t\t<div data-elementor-type=\"wp-page\" data-elementor-id=\"6492\" class=\"elementor elementor-6492\">\n\t\t\t\t\t\t<section class=\"elementor-section elementor-top-section elementor-element elementor-element-035c3fe elementor-section-boxed elementor-section-height-default elementor-section-height-default\" data-id=\"035c3fe\" data-element_type=\"section\">\n\t\t\t\t\t\t<div class=\"elementor-container elementor-column-gap-default\">\n\t\t\t\t\t<div class=\"elementor-column elementor-col-100 elementor-top-column elementor-element elementor-element-ba666e2\" data-id=\"ba666e2\" data-element_type=\"column\">\n\t\t\t<div class=\"elementor-widget-wrap elementor-element-populated\">\n\t\t\t\t\t\t<div class=\"elementor-element elementor-element-91fbc91 elementor-widget elementor-widget-text-editor\" data-id=\"91fbc91\" data-element_type=\"widget\" data-widget_type=\"text-editor.default\">\n\t\t\t\t<div class=\"elementor-widget-container\">\n\t\t\t\t\t\t\t<p>A chaque p\u00e9riode de vacances, nous proposons aux enfants de d\u00e9couvrir l\u2019Histoire de l\u2019art&nbsp;par le biais d\u2019ateliers ludiques et cr\u00e9atifs. Au gr\u00e9 des th\u00e8mes, les enfants&nbsp;voyagent dans les \u00e9poques historiques et les courants artistiques. Les ateliers&nbsp;d\u00e9butent par un temps de d\u00e9couverte : une th\u00e9matique, une \u0153uvre d\u2019art, un mouvement artistique, un&nbsp;peintre\u2026&nbsp;puis, place \u00e0 la cr\u00e9ation et \u00e0 la technique !<\/p>\t\t\t\t\t\t<\/div>\n\t\t\t\t<\/div>\n\t\t\t\t\t<\/div>\n\t\t<\/div>\n\t\t\t\t\t<\/div>\n\t\t<\/section>\n\t\t\t\t<section class=\"elementor-section elementor-top-section elementor-element elementor-element-c64be3a elementor-section-boxed elementor-section-height-default elementor-section-height-default\" data-id=\"c64be3a\" data-element_type=\"section\">\n\t\t\t\t\t\t<div class=\"elementor-container elementor-column-gap-default\">\n\t\t\t\t\t<div class=\"elementor-column elementor-col-100 elementor-top-column elementor-element elementor-element-fae08d6\" data-id=\"fae08d6\" data-element_type=\"column\">\n\t\t\t<div class=\"elementor-widget-wrap elementor-element-populated\">\n\t\t\t\t\t\t<div class=\"elementor-element elementor-element-2e3523e elementor-align-center elementor-widget elementor-widget-button\" data-id=\"2e3523e\" data-element_type=\"widget\" data-widget_type=\"button.default\">\n\t\t\t\t<div class=\"elementor-widget-container\">\n\t\t\t\t\t<div class=\"elementor-button-wrapper\">\n\t\t\t<a class=\"elementor-button elementor-button-link elementor-size-sm\" href=\"https:\/\/particuliers.citemomes.fr\/index.php\/agenda\/\">\n\t\t\t\t\t\t<span class=\"elementor-button-content-wrapper\">\n\t\t\t\t\t\t\t\t\t<span class=\"elementor-button-text\">Voir les vacances !<\/span>\n\t\t\t\t\t<\/span>\n\t\t\t\t\t<\/a>\n\t\t<\/div>\n\t\t\t\t<\/div>\n\t\t\t\t<\/div>\n\t\t\t\t<div class=\"elementor-element elementor-element-ea07317 elementor-widget elementor-widget-spacer\" data-id=\"ea07317\" data-element_type=\"widget\" data-widget_type=\"spacer.default\">\n\t\t\t\t<div class=\"elementor-widget-container\">\n\t\t\t\t\t<div class=\"elementor-spacer\">\n\t\t\t<div class=\"elementor-spacer-inner\"><\/div>\n\t\t<\/div>\n\t\t\t\t<\/div>\n\t\t\t\t<\/div>\n\t\t\t\t<div class=\"elementor-element elementor-element-238e127 elementor-widget elementor-widget-text-editor\" data-id=\"238e127\" data-element_type=\"widget\" data-widget_type=\"text-editor.default\">\n\t\t\t\t<div class=\"elementor-widget-container\">\n\t\t\t\t\t\t\t<p>\u00c0 partir de 4 ans :<\/p>\t\t\t\t\t\t<\/div>\n\t\t\t\t<\/div>\n\t\t\t\t\t<\/div>\n\t\t<\/div>\n\t\t\t\t\t<\/div>\n\t\t<\/section>\n\t\t\t\t<section class=\"elementor-section elementor-top-section elementor-element elementor-element-d2a849e elementor-section-boxed elementor-section-height-default elementor-section-height-default\" data-id=\"d2a849e\" data-element_type=\"section\">\n\t\t\t\t\t\t<div class=\"elementor-container elementor-column-gap-default\">\n\t\t\t\t\t<div class=\"elementor-column elementor-col-50 elementor-top-column elementor-element elementor-element-5dcabde\" data-id=\"5dcabde\" data-element_type=\"column\">\n\t\t\t<div class=\"elementor-widget-wrap elementor-element-populated\">\n\t\t\t\t\t\t<div class=\"elementor-element elementor-element-a2e36fa elementor-widget elementor-widget-image\" data-id=\"a2e36fa\" data-element_type=\"widget\" data-widget_type=\"image.default\">\n\t\t\t\t<div class=\"elementor-widget-container\">\n\t\t\t\t\t\t\t\t\t\t\t\t\t<img fetchpriority=\"high\" decoding=\"async\" width=\"498\" height=\"435\" src=\"https:\/\/particuliers.citemomes.fr\/wp-content\/uploads\/2023\/09\/croque-ton-musee-498x435.png\" class=\"attachment-dara-page-thumbnail size-dara-page-thumbnail wp-image-6495\" alt=\"\" \/>\t\t\t\t\t\t\t\t\t\t\t\t\t<\/div>\n\t\t\t\t<\/div>\n\t\t\t\t<div class=\"elementor-element elementor-element-317a5d8 elementor-widget elementor-widget-text-editor\" data-id=\"317a5d8\" data-element_type=\"widget\" data-widget_type=\"text-editor.default\">\n\t\t\t\t<div class=\"elementor-widget-container\">\n\t\t\t\t\t\t\t<p style=\"text-align: center;\"><strong>Croque ton mus\u00e9e<\/strong><\/p>\t\t\t\t\t\t<\/div>\n\t\t\t\t<\/div>\n\t\t\t\t\t<\/div>\n\t\t<\/div>\n\t\t\t\t<div class=\"elementor-column elementor-col-50 elementor-top-column elementor-element elementor-element-c5d14a3\" data-id=\"c5d14a3\" data-element_type=\"column\">\n\t\t\t<div class=\"elementor-widget-wrap elementor-element-populated\">\n\t\t\t\t\t\t<div class=\"elementor-element elementor-element-2eec6cb elementor-widget__width-initial elementor-widget elementor-widget-image\" data-id=\"2eec6cb\" data-element_type=\"widget\" data-widget_type=\"image.default\">\n\t\t\t\t<div class=\"elementor-widget-container\">\n\t\t\t\t\t\t\t\t\t\t\t\t\t<img decoding=\"async\" width=\"660\" height=\"618\" src=\"https:\/\/particuliers.citemomes.fr\/wp-content\/uploads\/2023\/09\/modelage2.png\" class=\"attachment-large size-large wp-image-6498\" alt=\"\" srcset=\"https:\/\/particuliers.citemomes.fr\/wp-content\/uploads\/2023\/09\/modelage2.png 660w, https:\/\/particuliers.citemomes.fr\/wp-content\/uploads\/2023\/09\/modelage2-300x281.png 300w\" sizes=\"(max-width: 660px) 100vw, 660px\" \/>\t\t\t\t\t\t\t\t\t\t\t\t\t<\/div>\n\t\t\t\t<\/div>\n\t\t\t\t<div class=\"elementor-element elementor-element-2575b8d elementor-widget elementor-widget-text-editor\" data-id=\"2575b8d\" data-element_type=\"widget\" data-widget_type=\"text-editor.default\">\n\t\t\t\t<div class=\"elementor-widget-container\">\n\t\t\t\t\t\t\t<p><strong>Modelage<\/strong><\/p>\t\t\t\t\t\t<\/div>\n\t\t\t\t<\/div>\n\t\t\t\t\t<\/div>\n\t\t<\/div>\n\t\t\t\t\t<\/div>\n\t\t<\/section>\n\t\t\t\t<section class=\"elementor-section elementor-top-section elementor-element elementor-element-348e6c4 elementor-section-boxed elementor-section-height-default elementor-section-height-default\" data-id=\"348e6c4\" data-element_type=\"section\">\n\t\t\t\t\t\t<div class=\"elementor-container elementor-column-gap-default\">\n\t\t\t\t\t<div class=\"elementor-column elementor-col-100 elementor-top-column elementor-element elementor-element-1d6a936\" data-id=\"1d6a936\" data-element_type=\"column\">\n\t\t\t<div class=\"elementor-widget-wrap\">\n\t\t\t\t\t\t\t<\/div>\n\t\t<\/div>\n\t\t\t\t\t<\/div>\n\t\t<\/section>\n\t\t\t\t<section class=\"elementor-section elementor-top-section elementor-element elementor-element-832df03 elementor-section-boxed elementor-section-height-default elementor-section-height-default\" data-id=\"832df03\" data-element_type=\"section\">\n\t\t\t\t\t\t<div class=\"elementor-container elementor-column-gap-default\">\n\t\t\t\t\t<div class=\"elementor-column elementor-col-50 elementor-top-column elementor-element elementor-element-60b1424\" data-id=\"60b1424\" data-element_type=\"column\">\n\t\t\t<div class=\"elementor-widget-wrap elementor-element-populated\">\n\t\t\t\t\t\t<div class=\"elementor-element elementor-element-de4d85b elementor-widget elementor-widget-image\" data-id=\"de4d85b\" data-element_type=\"widget\" data-widget_type=\"image.default\">\n\t\t\t\t<div class=\"elementor-widget-container\">\n\t\t\t\t\t\t\t\t\t\t\t\t\t<img decoding=\"async\" src=\"https:\/\/particuliers.citemomes.fr\/wp-content\/uploads\/elementor\/thumbs\/bazart1jpeg-scaled-qd48ic141vhig44ic7jg2c0y77aqbr1rbj6ckos3cw.jpeg\" title=\"OLYMPUS DIGITAL CAMERA\" alt=\"OLYMPUS DIGITAL CAMERA\" loading=\"lazy\" \/>\t\t\t\t\t\t\t\t\t\t\t\t\t<\/div>\n\t\t\t\t<\/div>\n\t\t\t\t<div class=\"elementor-element elementor-element-145ffd7 elementor-widget elementor-widget-text-editor\" data-id=\"145ffd7\" data-element_type=\"widget\" data-widget_type=\"text-editor.default\">\n\t\t\t\t<div class=\"elementor-widget-container\">\n\t\t\t\t\t\t\t<p><strong>Baz&#8217;art<\/strong><\/p>\t\t\t\t\t\t<\/div>\n\t\t\t\t<\/div>\n\t\t\t\t\t<\/div>\n\t\t<\/div>\n\t\t\t\t<div class=\"elementor-column elementor-col-50 elementor-top-column elementor-element elementor-element-144f48b\" data-id=\"144f48b\" data-element_type=\"column\">\n\t\t\t<div class=\"elementor-widget-wrap elementor-element-populated\">\n\t\t\t\t\t\t<div class=\"elementor-element elementor-element-327ab94 elementor-widget elementor-widget-image\" data-id=\"327ab94\" data-element_type=\"widget\" data-widget_type=\"image.default\">\n\t\t\t\t<div class=\"elementor-widget-container\">\n\t\t\t\t\t\t\t\t\t\t\t\t\t<img decoding=\"async\" src=\"https:\/\/particuliers.citemomes.fr\/wp-content\/uploads\/elementor\/thumbs\/ATeliers-DIY-scaled-qd48j0gwzkeytz50di3qv5uxn7y9vvqs2w4z1vruv4.jpg\" title=\"ATeliers DIY\" alt=\"ATeliers DIY\" loading=\"lazy\" \/>\t\t\t\t\t\t\t\t\t\t\t\t\t<\/div>\n\t\t\t\t<\/div>\n\t\t\t\t<div class=\"elementor-element elementor-element-c633509 elementor-widget elementor-widget-text-editor\" data-id=\"c633509\" data-element_type=\"widget\" data-widget_type=\"text-editor.default\">\n\t\t\t\t<div class=\"elementor-widget-container\">\n\t\t\t\t\t\t\t<p><strong>Ateliers DIY<\/strong><\/p>\t\t\t\t\t\t<\/div>\n\t\t\t\t<\/div>\n\t\t\t\t\t<\/div>\n\t\t<\/div>\n\t\t\t\t\t<\/div>\n\t\t<\/section>\n\t\t\t\t<section class=\"elementor-section elementor-top-section elementor-element elementor-element-7470025 elementor-section-boxed elementor-section-height-default elementor-section-height-default\" data-id=\"7470025\" data-element_type=\"section\">\n\t\t\t\t\t\t<div class=\"elementor-container elementor-column-gap-default\">\n\t\t\t\t\t<div class=\"elementor-column elementor-col-100 elementor-top-column elementor-element elementor-element-8bbd1b0\" data-id=\"8bbd1b0\" data-element_type=\"column\">\n\t\t\t<div class=\"elementor-widget-wrap elementor-element-populated\">\n\t\t\t\t\t\t<div class=\"elementor-element elementor-element-d4f9e40 elementor-widget elementor-widget-text-editor\" data-id=\"d4f9e40\" data-element_type=\"widget\" data-widget_type=\"text-editor.default\">\n\t\t\t\t<div class=\"elementor-widget-container\">\n\t\t\t\t\t\t\t<p><span style=\"color: #03989e;\"><strong>Croque ton mus\u00e9e<\/strong><\/span><\/p><p>Munis d\u2019un carnet de croquis, les enfants partent \u00e0 la rencontre d\u2019un<\/p><p>tableau ou d\u2019une sculpture !<\/p><p>\u00a0<\/p><p><strong style=\"color: #03989e; font-size: 18px; font-family: var( --e-global-typography-text-font-family ), Sans-serif;\">Baz\u2019art<\/strong><\/p><p>En regardant les livres d\u2019art, les enfants choisissent un tableau et le reproduisent !<\/p><p>\u00a0<\/p><p><strong style=\"color: #03989e; font-size: 18px; font-family: var( --e-global-typography-text-font-family ), Sans-serif;\">Modelage<\/strong><\/p><p>D\u00e9couverte de l\u2019argile et des outils du sculpteurs pour une r\u00e9alisation en 3D !<\/p><p>\u00a0<\/p><p><strong style=\"color: #03989e; font-size: 18px; font-family: var( --e-global-typography-text-font-family ), Sans-serif;\">Ateliers DIY<\/strong><\/p><p>Dessin, d\u00e9coupage, collage, tout pour cr\u00e9er autour d\u2019un th\u00e8me diff\u00e9rent \u00e0 chaque p\u00e9riode de vacances en fonction de la saison.<\/p><p>\u00a0<\/p>\t\t\t\t\t\t<\/div>\n\t\t\t\t<\/div>\n\t\t\t\t<div class=\"elementor-element elementor-element-d851d96 elementor-widget elementor-widget-spacer\" data-id=\"d851d96\" data-element_type=\"widget\" data-widget_type=\"spacer.default\">\n\t\t\t\t<div class=\"elementor-widget-container\">\n\t\t\t\t\t<div class=\"elementor-spacer\">\n\t\t\t<div class=\"elementor-spacer-inner\"><\/div>\n\t\t<\/div>\n\t\t\t\t<\/div>\n\t\t\t\t<\/div>\n\t\t\t\t\t<\/div>\n\t\t<\/div>\n\t\t\t\t\t<\/div>\n\t\t<\/section>\n\t\t\t\t<section class=\"elementor-section elementor-top-section elementor-element elementor-element-85c64f6 elementor-section-boxed elementor-section-height-default elementor-section-height-default\" data-id=\"85c64f6\" data-element_type=\"section\">\n\t\t\t\t\t\t<div class=\"elementor-container elementor-column-gap-default\">\n\t\t\t\t\t<div class=\"elementor-column elementor-col-100 elementor-top-column elementor-element elementor-element-ceb2776\" data-id=\"ceb2776\" data-element_type=\"column\">\n\t\t\t<div class=\"elementor-widget-wrap elementor-element-populated\">\n\t\t\t\t\t\t<div class=\"elementor-element elementor-element-b5c8650 elementor-widget elementor-widget-text-editor\" data-id=\"b5c8650\" data-element_type=\"widget\" data-widget_type=\"text-editor.default\">\n\t\t\t\t<div class=\"elementor-widget-container\">\n\t\t\t\t\t\t\t<p>\u00c0 partir de 8 ans :<\/p>\t\t\t\t\t\t<\/div>\n\t\t\t\t<\/div>\n\t\t\t\t\t<\/div>\n\t\t<\/div>\n\t\t\t\t\t<\/div>\n\t\t<\/section>\n\t\t\t\t<section class=\"elementor-section elementor-top-section elementor-element elementor-element-90ecc5e elementor-section-boxed elementor-section-height-default elementor-section-height-default\" data-id=\"90ecc5e\" data-element_type=\"section\">\n\t\t\t\t\t\t<div class=\"elementor-container elementor-column-gap-default\">\n\t\t\t\t\t<div class=\"elementor-column elementor-col-100 elementor-top-column elementor-element elementor-element-1cf7851\" data-id=\"1cf7851\" data-element_type=\"column\">\n\t\t\t<div class=\"elementor-widget-wrap elementor-element-populated\">\n\t\t\t\t\t\t<div class=\"elementor-element elementor-element-909c1e3 elementor-widget elementor-widget-spacer\" data-id=\"909c1e3\" data-element_type=\"widget\" data-widget_type=\"spacer.default\">\n\t\t\t\t<div class=\"elementor-widget-container\">\n\t\t\t\t\t<div class=\"elementor-spacer\">\n\t\t\t<div class=\"elementor-spacer-inner\"><\/div>\n\t\t<\/div>\n\t\t\t\t<\/div>\n\t\t\t\t<\/div>\n\t\t\t\t\t<\/div>\n\t\t<\/div>\n\t\t\t\t\t<\/div>\n\t\t<\/section>\n\t\t\t\t<section class=\"elementor-section elementor-top-section elementor-element elementor-element-62ba80a elementor-section-boxed elementor-section-height-default elementor-section-height-default\" data-id=\"62ba80a\" data-element_type=\"section\">\n\t\t\t\t\t\t<div class=\"elementor-container elementor-column-gap-default\">\n\t\t\t\t\t<div class=\"elementor-column elementor-col-100 elementor-top-column elementor-element elementor-element-faf8a59\" data-id=\"faf8a59\" data-element_type=\"column\">\n\t\t\t<div class=\"elementor-widget-wrap elementor-element-populated\">\n\t\t\t\t\t\t<div class=\"elementor-element elementor-element-a56cbbe elementor-widget__width-initial elementor-widget elementor-widget-image\" data-id=\"a56cbbe\" data-element_type=\"widget\" data-widget_type=\"image.default\">\n\t\t\t\t<div class=\"elementor-widget-container\">\n\t\t\t\t\t\t\t\t\t\t\t\t\t<img decoding=\"async\" src=\"https:\/\/particuliers.citemomes.fr\/wp-content\/uploads\/elementor\/thumbs\/IMG_9680-scaled-qd48yf1fkdo58k0curx6df9khy80t40qxgbtsomo90.jpeg\" title=\"IMG_9680\" alt=\"IMG_9680\" loading=\"lazy\" \/>\t\t\t\t\t\t\t\t\t\t\t\t\t<\/div>\n\t\t\t\t<\/div>\n\t\t\t\t<div class=\"elementor-element elementor-element-e1035d0 elementor-widget elementor-widget-text-editor\" data-id=\"e1035d0\" data-element_type=\"widget\" data-widget_type=\"text-editor.default\">\n\t\t\t\t<div class=\"elementor-widget-container\">\n\t\t\t\t\t\t\t<p><strong>BD-Mangas<\/strong><\/p>\t\t\t\t\t\t<\/div>\n\t\t\t\t<\/div>\n\t\t\t\t\t<\/div>\n\t\t<\/div>\n\t\t\t\t\t<\/div>\n\t\t<\/section>\n\t\t\t\t<section class=\"elementor-section elementor-top-section elementor-element elementor-element-798d4fc elementor-section-boxed elementor-section-height-default elementor-section-height-default\" data-id=\"798d4fc\" data-element_type=\"section\">\n\t\t\t\t\t\t<div class=\"elementor-container elementor-column-gap-default\">\n\t\t\t\t\t<div class=\"elementor-column elementor-col-100 elementor-top-column elementor-element elementor-element-06fd7d3\" data-id=\"06fd7d3\" data-element_type=\"column\">\n\t\t\t<div class=\"elementor-widget-wrap elementor-element-populated\">\n\t\t\t\t\t\t<div class=\"elementor-element elementor-element-ad7411e elementor-widget elementor-widget-text-editor\" data-id=\"ad7411e\" data-element_type=\"widget\" data-widget_type=\"text-editor.default\">\n\t\t\t\t<div class=\"elementor-widget-container\">\n\t\t\t\t\t\t\t<p><strong style=\"font-size: 18px; font-family: var( --e-global-typography-text-font-family ), Sans-serif; color: #03989e;\">BD &#8211; Mangas<\/strong><\/p>\n<p>Raconter une histoire en associant textes et dessins sous le format de la BD.<\/p>\t\t\t\t\t\t<\/div>\n\t\t\t\t<\/div>\n\t\t\t\t\t<\/div>\n\t\t<\/div>\n\t\t\t\t\t<\/div>\n\t\t<\/section>\n\t\t\t\t<section class=\"elementor-section elementor-top-section elementor-element elementor-element-f0f37da elementor-section-boxed elementor-section-height-default elementor-section-height-default\" data-id=\"f0f37da\" data-element_type=\"section\">\n\t\t\t\t\t\t<div class=\"elementor-container elementor-column-gap-default\">\n\t\t\t\t\t<div class=\"elementor-column elementor-col-100 elementor-top-column elementor-element elementor-element-f6b9fa6\" data-id=\"f6b9fa6\" data-element_type=\"column\">\n\t\t\t<div class=\"elementor-widget-wrap elementor-element-populated\">\n\t\t\t\t\t\t<div class=\"elementor-element elementor-element-445a371 elementor-widget-divider--view-line elementor-widget elementor-widget-divider\" data-id=\"445a371\" data-element_type=\"widget\" data-widget_type=\"divider.default\">\n\t\t\t\t<div class=\"elementor-widget-container\">\n\t\t\t\t\t<div class=\"elementor-divider\">\n\t\t\t<span class=\"elementor-divider-separator\">\n\t\t\t\t\t\t<\/span>\n\t\t<\/div>\n\t\t\t\t<\/div>\n\t\t\t\t<\/div>\n\t\t\t\t<div class=\"elementor-element elementor-element-1c80e43 elementor-widget elementor-widget-text-editor\" data-id=\"1c80e43\" data-element_type=\"widget\" data-widget_type=\"text-editor.default\">\n\t\t\t\t<div class=\"elementor-widget-container\">\n\t\t\t\t\t\t\t<p>Laisser aller le pinceau sur le papier, m\u00e9langer les couleurs, les superposer\u2026 Ici, pas de cours acad\u00e9mique ou th\u00e9orique, mais plut\u00f4t une <strong>invitation \u00e0 trouver son style<\/strong>.<\/p><p>Au c\u0153ur de l\u2019atelier, l\u2019enfant est incit\u00e9 \u00e0 <strong>exp\u00e9rimenter<\/strong>, \u00e0 <strong>d\u00e9couvrir<\/strong> la magie des couleurs, des volumes, \u00e0 utiliser une large gamme d\u2019outils. Il <strong>\u00e9volue<\/strong>, soutenu par des conseils et des exemples de r\u00e9alisations.<\/p><p>\u00a0<\/p><p>Les enfants seront sensibilis\u00e9s \u00e0 l\u2019<strong>art de la peinture et du dessin<\/strong>,<br \/>tout en s\u2019amusant ! Les ateliers seront adapt\u00e9s en fonction des demandes des enfants et de leurs centres d\u2019int\u00e9r\u00eat.<\/p><p>\u00a0<\/p><p><strong>Diff\u00e9rents mat\u00e9riaux seront utilis\u00e9s<\/strong> pour initier les jeunes \u00e0 des approches plastiques vari\u00e9es. De petits moments de cr\u00e9ation<br \/>(collage, scrap, peinture, sculpture ou d\u2019autres techniques) dans une ambiance conviviale.<\/p>\t\t\t\t\t\t<\/div>\n\t\t\t\t<\/div>\n\t\t\t\t<div class=\"elementor-element elementor-element-02784a5 elementor-widget-divider--view-line elementor-widget elementor-widget-divider\" data-id=\"02784a5\" data-element_type=\"widget\" data-widget_type=\"divider.default\">\n\t\t\t\t<div class=\"elementor-widget-container\">\n\t\t\t\t\t<div class=\"elementor-divider\">\n\t\t\t<span class=\"elementor-divider-separator\">\n\t\t\t\t\t\t<\/span>\n\t\t<\/div>\n\t\t\t\t<\/div>\n\t\t\t\t<\/div>\n\t\t\t\t\t<\/div>\n\t\t<\/div>\n\t\t\t\t\t<\/div>\n\t\t<\/section>\n\t\t\t\t<section class=\"elementor-section elementor-top-section elementor-element elementor-element-814f3c1 elementor-section-boxed elementor-section-height-default elementor-section-height-default\" data-id=\"814f3c1\" data-element_type=\"section\">\n\t\t\t\t\t\t<div class=\"elementor-container elementor-column-gap-default\">\n\t\t\t\t\t<div class=\"elementor-column elementor-col-100 elementor-top-column elementor-element elementor-element-39ead34\" data-id=\"39ead34\" data-element_type=\"column\">\n\t\t\t<div class=\"elementor-widget-wrap elementor-element-populated\">\n\t\t\t\t\t\t<div class=\"elementor-element elementor-element-94f9406 elementor-widget elementor-widget-text-editor\" data-id=\"94f9406\" data-element_type=\"widget\" data-widget_type=\"text-editor.default\">\n\t\t\t\t<div class=\"elementor-widget-container\">\n\t\t\t\t\t\t\t<p>\u00c0 chaque p\u00e9riode de vacances, un nouveau th\u00e8me et de nouvelles d\u00e9couvertes en lien avec la p\u2019tite galerie !<\/p><p>\u00a0<\/p><p>\u00c0 la fin de chaque s\u00e9ance, les enfants repartent avec leurs cr\u00e9ations.<br \/>\u2022 Le mat\u00e9riel est enti\u00e8rement fourni par Cit\u00e9m\u00f4mes.<br \/>\u2022 Les r\u00e9servations en amont (par t\u00e9l\u00e9phone, mail ou via HelloAsso) sont obligatoires.<br \/>\u2022 Le r\u00e8glement des ateliers se fait sur place par ch\u00e8que ou esp\u00e8ce ou en ligne via HelloAsso.<\/p><p>\u00a0<\/p><p>\u00a0<\/p><p>Les <strong>ateliers du matin<\/strong> se d\u00e9roulent de <strong>10h30 \u00e0 12h<\/strong>.<br \/>L\u2019<strong>apr\u00e8s-midi<\/strong>, deux cr\u00e9neaux : <strong>14h30-16h <\/strong>et<strong> 16h30-18h<\/strong>.<br \/>L\u2019<strong>accueil des enfants<\/strong> se fait <strong>30 minutes avant et apr\u00e8s l\u2019atelier<\/strong> pour offrir un peu plus de flexibilit\u00e9 !<\/p><p>\u00a0<\/p>\t\t\t\t\t\t<\/div>\n\t\t\t\t<\/div>\n\t\t\t\t\t<\/div>\n\t\t<\/div>\n\t\t\t\t\t<\/div>\n\t\t<\/section>\n\t\t\t\t<section class=\"elementor-section elementor-top-section elementor-element elementor-element-a180b70 elementor-section-boxed elementor-section-height-default elementor-section-height-default\" data-id=\"a180b70\" data-element_type=\"section\">\n\t\t\t\t\t\t<div class=\"elementor-container elementor-column-gap-default\">\n\t\t\t\t\t<div class=\"elementor-column elementor-col-100 elementor-top-column elementor-element elementor-element-e102db8\" data-id=\"e102db8\" data-element_type=\"column\">\n\t\t\t<div class=\"elementor-widget-wrap elementor-element-populated\">\n\t\t\t\t\t\t<div class=\"elementor-element elementor-element-fa8103f elementor-widget elementor-widget-heading\" data-id=\"fa8103f\" data-element_type=\"widget\" data-widget_type=\"heading.default\">\n\t\t\t\t<div class=\"elementor-widget-container\">\n\t\t\t<h2 class=\"elementor-heading-title elementor-size-default\"><u>Les tarifs<\/u><\/h2>\t\t<\/div>\n\t\t\t\t<\/div>\n\t\t\t\t\t<\/div>\n\t\t<\/div>\n\t\t\t\t\t<\/div>\n\t\t<\/section>\n\t\t\t\t<section class=\"elementor-section elementor-top-section elementor-element elementor-element-ce34188 elementor-section-boxed elementor-section-height-default elementor-section-height-default\" data-id=\"ce34188\" data-element_type=\"section\">\n\t\t\t\t\t\t<div class=\"elementor-container elementor-column-gap-default\">\n\t\t\t\t\t<div class=\"elementor-column elementor-col-100 elementor-top-column elementor-element elementor-element-e2d4029\" data-id=\"e2d4029\" data-element_type=\"column\">\n\t\t\t<div class=\"elementor-widget-wrap elementor-element-populated\">\n\t\t\t\t\t\t<div class=\"elementor-element elementor-element-556a4cf elementor-widget elementor-widget-text-editor\" data-id=\"556a4cf\" data-element_type=\"widget\" data-widget_type=\"text-editor.default\">\n\t\t\t\t<div class=\"elementor-widget-container\">\n\t\t\t\t\t\t\t<p><strong>15 euros<\/strong> l\u2019atelier<\/p><p><span style=\"text-decoration: underline;\"><strong>Formu<\/strong><strong>le<\/strong><strong>\u00a0:<\/strong><\/span><\/p><p>\u2022 24 euros la journ\u00e9e ou demi-journ\u00e9e (2 ateliers par jour)<\/p><p>Pour participer aux ateliers, les enfants doivent \u00eatre adh\u00e9rents de l\u2019association.<\/p><p>L\u2019<strong>adh\u00e9sion<\/strong>\u00a0est \u00e0\u00a0<strong>5 euros<\/strong>\u00a0l\u2019ann\u00e9e. Elle peut se faire en amont en ligne (<a href=\"https:\/\/www.helloasso.com\/associations\/citemomes\/adhesions\/adhesion-citemomes-2024-2025?_gl=1%2a12nxkfp%2a_gcl_au%2aMTQyMzE4Nzk1My4xNzMzMjM1MDQw\">https:\/\/www.helloasso.com\/associations\/citemomes\/adhesions\/adhesion-citemomes-2024-2025<\/a>) ou sur place lors du premier atelier. L\u2019adh\u00e9sion est valable durant toute l\u2019ann\u00e9e scolaire.<\/p>\t\t\t\t\t\t<\/div>\n\t\t\t\t<\/div>\n\t\t\t\t\t<\/div>\n\t\t<\/div>\n\t\t\t\t\t<\/div>\n\t\t<\/section>\n\t\t\t\t<\/div>\n\t\t","protected":false},"excerpt":{"rendered":"<p>A chaque p\u00e9riode de vacances, nous proposons aux enfants de d\u00e9couvrir l\u2019Histoire de l\u2019art&nbsp;par le biais d\u2019ateliers ludiques et cr\u00e9atifs. Au gr\u00e9 des th\u00e8mes, les enfants&nbsp;voyagent dans les \u00e9poques historiques et les courants artistiques. Les ateliers&nbsp;d\u00e9butent par un temps de d\u00e9couverte : une th\u00e9matique, une \u0153uvre d\u2019art, un mouvement artistique, un&nbsp;peintre\u2026&nbsp;puis, place \u00e0 la cr\u00e9ation&hellip; <a href=\"https:\/\/particuliers.citemomes.fr\/index.php\/les-ateliers-des-vacances\/\" class=\"more-link\">Lire la suite <span class=\"screen-reader-text\">Les vacances<\/span><\/a><\/p>\n","protected":false},"author":1,"featured_media":0,"parent":0,"menu_order":0,"comment_status":"closed","ping_status":"closed","template":"","meta":[],"yoast_head":"<!-- This site is optimized with the Yoast SEO plugin v20.0 - https:\/\/yoast.com\/wordpress\/plugins\/seo\/ -->\n<title>Les vacances -<\/title>\n<meta name=\"robots\" content=\"index, follow, max-snippet:-1, max-image-preview:large, max-video-preview:-1\" \/>\n<link rel=\"canonical\" href=\"https:\/\/particuliers.citemomes.fr\/index.php\/les-ateliers-des-vacances\/\" \/>\n<meta property=\"og:locale\" content=\"fr_FR\" \/>\n<meta property=\"og:type\" content=\"article\" \/>\n<meta property=\"og:title\" content=\"Les vacances -\" \/>\n<meta property=\"og:description\" content=\"A chaque p\u00e9riode de vacances, nous proposons aux enfants de d\u00e9couvrir l\u2019Histoire de l\u2019art&nbsp;par le biais d\u2019ateliers ludiques et cr\u00e9atifs. Au gr\u00e9 des th\u00e8mes, les enfants&nbsp;voyagent dans les \u00e9poques historiques et les courants artistiques. Les ateliers&nbsp;d\u00e9butent par un temps de d\u00e9couverte : une th\u00e9matique, une \u0153uvre d\u2019art, un mouvement artistique, un&nbsp;peintre\u2026&nbsp;puis, place \u00e0 la cr\u00e9ation&hellip; Lire la suite Les vacances\" \/>\n<meta property=\"og:url\" content=\"https:\/\/particuliers.citemomes.fr\/index.php\/les-ateliers-des-vacances\/\" \/>\n<meta property=\"article:modified_time\" content=\"2025-03-26T11:05:13+00:00\" \/>\n<meta property=\"og:image\" content=\"https:\/\/particuliers.citemomes.fr\/wp-content\/uploads\/2023\/09\/croque-ton-musee-498x435.png\" \/>\n<meta name=\"twitter:card\" content=\"summary_large_image\" \/>\n<meta name=\"twitter:label1\" content=\"Dur\u00e9e de lecture estim\u00e9e\" \/>\n\t<meta name=\"twitter:data1\" content=\"4 minutes\" \/>\n<script type=\"application\/ld+json\" class=\"yoast-schema-graph\">{\"@context\":\"https:\/\/schema.org\",\"@graph\":[{\"@type\":\"WebPage\",\"@id\":\"https:\/\/particuliers.citemomes.fr\/index.php\/les-ateliers-des-vacances\/\",\"url\":\"https:\/\/particuliers.citemomes.fr\/index.php\/les-ateliers-des-vacances\/\",\"name\":\"Les vacances -\",\"isPartOf\":{\"@id\":\"http:\/\/particuliers.citemomes.fr\/#website\"},\"datePublished\":\"2023-09-29T11:59:09+00:00\",\"dateModified\":\"2025-03-26T11:05:13+00:00\",\"breadcrumb\":{\"@id\":\"https:\/\/particuliers.citemomes.fr\/index.php\/les-ateliers-des-vacances\/#breadcrumb\"},\"inLanguage\":\"fr-FR\",\"potentialAction\":[{\"@type\":\"ReadAction\",\"target\":[\"https:\/\/particuliers.citemomes.fr\/index.php\/les-ateliers-des-vacances\/\"]}]},{\"@type\":\"BreadcrumbList\",\"@id\":\"https:\/\/particuliers.citemomes.fr\/index.php\/les-ateliers-des-vacances\/#breadcrumb\",\"itemListElement\":[{\"@type\":\"ListItem\",\"position\":1,\"name\":\"Accueil\",\"item\":\"https:\/\/particuliers.citemomes.fr\/\"},{\"@type\":\"ListItem\",\"position\":2,\"name\":\"Les vacances\"}]},{\"@type\":\"WebSite\",\"@id\":\"http:\/\/particuliers.citemomes.fr\/#website\",\"url\":\"http:\/\/particuliers.citemomes.fr\/\",\"name\":\"\",\"description\":\"D\u00e9couvrir, cr\u00e9er, r\u00eaver !\",\"potentialAction\":[{\"@type\":\"SearchAction\",\"target\":{\"@type\":\"EntryPoint\",\"urlTemplate\":\"http:\/\/particuliers.citemomes.fr\/?s={search_term_string}\"},\"query-input\":\"required name=search_term_string\"}],\"inLanguage\":\"fr-FR\"}]}<\/script>\n<!-- \/ Yoast SEO plugin. -->","yoast_head_json":{"title":"Les vacances -","robots":{"index":"index","follow":"follow","max-snippet":"max-snippet:-1","max-image-preview":"max-image-preview:large","max-video-preview":"max-video-preview:-1"},"canonical":"https:\/\/particuliers.citemomes.fr\/index.php\/les-ateliers-des-vacances\/","og_locale":"fr_FR","og_type":"article","og_title":"Les vacances -","og_description":"A chaque p\u00e9riode de vacances, nous proposons aux enfants de d\u00e9couvrir l\u2019Histoire de l\u2019art&nbsp;par le biais d\u2019ateliers ludiques et cr\u00e9atifs. Au gr\u00e9 des th\u00e8mes, les enfants&nbsp;voyagent dans les \u00e9poques historiques et les courants artistiques. Les ateliers&nbsp;d\u00e9butent par un temps de d\u00e9couverte : une th\u00e9matique, une \u0153uvre d\u2019art, un mouvement artistique, un&nbsp;peintre\u2026&nbsp;puis, place \u00e0 la cr\u00e9ation&hellip; Lire la suite Les vacances","og_url":"https:\/\/particuliers.citemomes.fr\/index.php\/les-ateliers-des-vacances\/","article_modified_time":"2025-03-26T11:05:13+00:00","og_image":[{"url":"https:\/\/particuliers.citemomes.fr\/wp-content\/uploads\/2023\/09\/croque-ton-musee-498x435.png"}],"twitter_card":"summary_large_image","twitter_misc":{"Dur\u00e9e de lecture estim\u00e9e":"4 minutes"},"schema":{"@context":"https:\/\/schema.org","@graph":[{"@type":"WebPage","@id":"https:\/\/particuliers.citemomes.fr\/index.php\/les-ateliers-des-vacances\/","url":"https:\/\/particuliers.citemomes.fr\/index.php\/les-ateliers-des-vacances\/","name":"Les vacances -","isPartOf":{"@id":"http:\/\/particuliers.citemomes.fr\/#website"},"datePublished":"2023-09-29T11:59:09+00:00","dateModified":"2025-03-26T11:05:13+00:00","breadcrumb":{"@id":"https:\/\/particuliers.citemomes.fr\/index.php\/les-ateliers-des-vacances\/#breadcrumb"},"inLanguage":"fr-FR","potentialAction":[{"@type":"ReadAction","target":["https:\/\/particuliers.citemomes.fr\/index.php\/les-ateliers-des-vacances\/"]}]},{"@type":"BreadcrumbList","@id":"https:\/\/particuliers.citemomes.fr\/index.php\/les-ateliers-des-vacances\/#breadcrumb","itemListElement":[{"@type":"ListItem","position":1,"name":"Accueil","item":"https:\/\/particuliers.citemomes.fr\/"},{"@type":"ListItem","position":2,"name":"Les vacances"}]},{"@type":"WebSite","@id":"http:\/\/particuliers.citemomes.fr\/#website","url":"http:\/\/particuliers.citemomes.fr\/","name":"","description":"D\u00e9couvrir, cr\u00e9er, r\u00eaver !","potentialAction":[{"@type":"SearchAction","target":{"@type":"EntryPoint","urlTemplate":"http:\/\/particuliers.citemomes.fr\/?s={search_term_string}"},"query-input":"required name=search_term_string"}],"inLanguage":"fr-FR"}]}},"_links":{"self":[{"href":"https:\/\/particuliers.citemomes.fr\/index.php\/wp-json\/wp\/v2\/pages\/6492"}],"collection":[{"href":"https:\/\/particuliers.citemomes.fr\/index.php\/wp-json\/wp\/v2\/pages"}],"about":[{"href":"https:\/\/particuliers.citemomes.fr\/index.php\/wp-json\/wp\/v2\/types\/page"}],"author":[{"embeddable":true,"href":"https:\/\/particuliers.citemomes.fr\/index.php\/wp-json\/wp\/v2\/users\/1"}],"replies":[{"embeddable":true,"href":"https:\/\/particuliers.citemomes.fr\/index.php\/wp-json\/wp\/v2\/comments?post=6492"}],"version-history":[{"count":80,"href":"https:\/\/particuliers.citemomes.fr\/index.php\/wp-json\/wp\/v2\/pages\/6492\/revisions"}],"predecessor-version":[{"id":6917,"href":"https:\/\/particuliers.citemomes.fr\/index.php\/wp-json\/wp\/v2\/pages\/6492\/revisions\/6917"}],"wp:attachment":[{"href":"https:\/\/particuliers.citemomes.fr\/index.php\/wp-json\/wp\/v2\/media?parent=6492"}],"curies":[{"name":"wp","href":"https:\/\/api.w.org\/{rel}","templated":true}]}}